{"id":1257,"date":"2023-09-30T17:26:49","date_gmt":"2023-09-30T15:26:49","guid":{"rendered":"http:\/\/localhost\/fara-pleszew\/?page_id=1257"},"modified":"2023-10-13T21:31:19","modified_gmt":"2023-10-13T19:31:19","slug":"sakramenty","status":"publish","type":"page","link":"https:\/\/farapleszew.pl\/?page_id=1257","title":{"rendered":"Sakramenty"},"content":{"rendered":"\n<div class=\"wp-block-stackable-columns alignfull stk-block-columns stk-block stk-51b2b12 stk-block-background stk--has-background-overlay\" data-block-id=\"51b2b12\"><style>.stk-51b2b12 .stk--block-align-51b2b12{align-items:center !important}.stk-51b2b12{background-image:url(https:\/\/farapleszew.pl\/wp-content\/uploads\/2023\/10\/PLESZEW_PARAFIA-129.jpg) !important;background-attachment:fixed !important;background-position:bottom center !important;background-repeat:no-repeat !important;background-size:cover !important;padding-top:300px !important;padding-bottom:200px !important;margin-bottom:0px !important}.stk-51b2b12:before{background-color:#000000 !important;opacity:0.6 !important}.stk-51b2b12-column{--stk-column-gap:35px !important;row-gap:35px !important}@media screen and (max-width:999px){.stk-51b2b12{padding-top:250px !important;padding-bottom:150px !important}}@media screen and (max-width:689px){.stk-51b2b12{padding-top:150px !important;padding-bottom:100px !important}}<\/style><div class=\"stk-row stk-inner-blocks stk--block-align-51b2b12 stk-block-content stk-content-align stk-51b2b12-column\">\n<div class=\"wp-block-stackable-column stk-block-column stk-column stk-block stk-3a43e6b\" data-v=\"4\" data-block-id=\"3a43e6b\"><style>.stk-3a43e6b-container{margin-top:0px !important;margin-right:0px !important;margin-bottom:0px !important;margin-left:0px !important}<\/style><div class=\"stk-column-wrapper stk-block-column__content stk-container stk-3a43e6b-container stk--no-background stk--no-padding\"><div class=\"has-text-align-center-mobile stk-block-content stk-inner-blocks stk-3a43e6b-inner-blocks\">\n<div class=\"wp-block-stackable-heading stk-block-heading stk-block-heading--v2 stk-block stk-7225c59\" id=\"sakramenty\" data-block-id=\"7225c59\"><style>.stk-7225c59{margin-bottom:10px !important}.stk-7225c59 .stk-block-heading__text{font-size:45px !important;color:var(--theme-palette-color-8,#ffffff) !important;line-height:1.3em !important;font-weight:800 !important}@media screen and (max-width:999px){.stk-7225c59 .stk-block-heading__text{font-size:40px !important}}@media screen and (max-width:689px){.stk-7225c59 .stk-block-heading__text{font-size:30px !important}}<\/style><h2 class=\"stk-block-heading__text has-text-color\">Sakramenty<\/h2><\/div>\n<\/div><\/div><\/div>\n<\/div><\/div>\n\n\n\n<h2 class=\"wp-block-heading\">Chrzest \u015bw.<\/h2>\n\n\n\n<p>Sakramentu chrztu \u015bw. udzielamy podczas Mszy \u015bw. Zapraszamy do biura parafialnego z dokumentami.<\/p>\n\n\n\n<details class=\"wp-block-stackable-accordion stk-block-accordion stk-inner-blocks stk-block-content stk-block stk-a3b8621 is-style-default\" data-block-id=\"a3b8621\">\n<summary class=\"wp-block-stackable-column stk-block-column stk-column stk-block stk-e44bda7 stk--container-small stk-block-accordion__heading\" data-v=\"4\" data-block-id=\"e44bda7\"><div class=\"stk-column-wrapper stk-block-column__content stk-container stk-e44bda7-container stk-hover-parent\"><div class=\"stk-block-content stk-inner-blocks stk-e44bda7-inner-blocks\">\n<div class=\"wp-block-stackable-icon-label stk-block-icon-label stk-block stk-90c3b1c\" data-block-id=\"90c3b1c\"><div class=\"stk-row stk-inner-blocks stk-block-content\">\n<div class=\"wp-block-stackable-icon stk-block-icon stk-block stk-f0fa607\" data-block-id=\"f0fa607\"><span class=\"stk--svg-wrapper\"><div class=\"stk--inner-svg\"><svg style=\"height:0;width:0\"><defs><linearGradient id=\"linear-gradient-f0fa607\" x1=\"0\" x2=\"100%\" y1=\"0\" y2=\"0\"><stop offset=\"0%\" style=\"stop-opacity:1;stop-color:var(--linear-gradient-f-0-fa-607-color-1)\"><\/stop><stop offset=\"100%\" style=\"stop-opacity:1;stop-color:var(--linear-gradient-f-0-fa-607-color-2)\"><\/stop><\/linearGradient><\/defs><\/svg><svg data-prefix=\"fas\" data-icon=\"chevron-down\" class=\"svg-inline--fa fa-chevron-down fa-w-14\" xmlns=\"http:\/\/www.w3.org\/2000\/svg\" viewBox=\"0 0 448 512\" aria-hidden=\"true\" width=\"32\" height=\"32\"><path fill=\"currentColor\" d=\"M207.029 381.476L12.686 187.132c-9.373-9.373-9.373-24.569 0-33.941l22.667-22.667c9.357-9.357 24.522-9.375 33.901-.04L224 284.505l154.745-154.021c9.379-9.335 24.544-9.317 33.901.04l22.667 22.667c9.373 9.373 9.373 24.569 0 33.941L240.971 381.476c-9.373 9.372-24.569 9.372-33.942 0z\"><\/path><\/svg><\/div><\/span><\/div>\n\n\n\n<div class=\"wp-block-stackable-heading stk-block-heading stk-block-heading--v2 stk-block stk-28276c9\" id=\"wykaz-dokumentow-potrzebnych-do-chrztu-sw\" data-block-id=\"28276c9\"><h6 class=\"stk-block-heading__text\">Wykaz dokument\u00f3w potrzebnych do chrztu \u015bw.<\/h6><\/div>\n<\/div><\/div>\n<\/div><\/div><\/summary>\n\n\n\n<div class=\"wp-block-stackable-column stk-block-column stk-column stk-block stk-42a2977 stk-block-accordion__content\" data-v=\"4\" data-block-id=\"42a2977\"><div class=\"stk-column-wrapper stk-block-column__content stk-container stk-42a2977-container stk--no-background stk--no-padding\"><div class=\"stk-block-content stk-inner-blocks stk-42a2977-inner-blocks\">\n<ul class=\"wp-block-list\">\n<li>akt urodzenia dziecka (odpis)<\/li>\n\n\n\n<li>wyci\u0105g z aktu \u015blubu ko\u015bcielnego rodzic\u00f3w<\/li>\n\n\n\n<li>dane o rodzicach chrzestnych* (imiona, nazwiska, data urodzenia, adres)<\/li>\n\n\n\n<li>zgoda z parafii (w przypadku, gdy mieszka poza terenem parafii)<\/li>\n\n\n\n<li>za\u015bwiadczenie z&nbsp;parafii zamieszkania rodzic\u00f3w chrzestnych o&nbsp;praktykowaniu wiary<\/li>\n<\/ul>\n\n\n\n<p>* Rodzicami chrzestnymi&nbsp;nie mog\u0105 by\u0107&nbsp;osoby \u017cyj\u0105ce w niesakramentalnym zwi\u0105zku ma\u0142\u017ce\u0144skim oraz te, kt\u00f3re chocia\u017c s\u0105 katolikami, notorycznie zaniedbuj\u0105 praktyki religijne i prowadz\u0105 \u017cycie naganne. Chrzestnymi&nbsp;mog\u0105 by\u0107&nbsp;praktykuj\u0105cy katolicy, bierzmowani, kt\u00f3rzy przyj\u0119li ju\u017c sakrament Eucharystii oraz prowadz\u0105 \u017cycie zgodne z wiar\u0105 i odpowiadaj\u0105ce funkcji jak\u0105 maj\u0105 pe\u0142ni\u0107.<\/p>\n<\/div><\/div><\/div>\n<\/details>\n\n\n\n<h2 class=\"wp-block-heading\">Eucharystia<\/h2>\n\n\n\n<p><strong>Niedziela: <\/strong>6:30, 8:00, 9:30 (Msza \u015bw. z m\u0142odymi), 11:00 (Msza \u015bw. z dzie\u0107mi), 12.15, 18:30 (Msza \u015bw., gdzie szukamy &#8222;klimatu&#8221;).<\/p>\n\n\n\n<p><strong>Poniedzia\u0142ek-sobota:<\/strong> 7:00, 8:00, 18.30.<\/p>\n\n\n\n<p><strong>I Komunia \u015bw. <\/strong>w naszej parafii udzielana jest w drug\u0105 niedziel\u0119 maja. Szczeg\u00f3\u0142owe informacje u kap\u0142an\u00f3w.<\/p>\n\n\n\n<details class=\"wp-block-stackable-accordion stk-block-accordion stk-inner-blocks stk-block-content stk-block stk-77c8726 is-style-default\" data-block-id=\"77c8726\">\n<summary class=\"wp-block-stackable-column stk-block-column stk-column stk-block stk-849fce7 stk--container-small stk-block-accordion__heading\" data-v=\"4\" data-block-id=\"849fce7\"><div class=\"stk-column-wrapper stk-block-column__content stk-container stk-849fce7-container stk-hover-parent\"><div class=\"stk-block-content stk-inner-blocks stk-849fce7-inner-blocks\">\n<div class=\"wp-block-stackable-icon-label stk-block-icon-label stk-block stk-da41722\" data-block-id=\"da41722\"><div class=\"stk-row stk-inner-blocks stk-block-content\">\n<div class=\"wp-block-stackable-icon stk-block-icon stk-block stk-6ac21fa\" data-block-id=\"6ac21fa\"><span class=\"stk--svg-wrapper\"><div class=\"stk--inner-svg\"><svg style=\"height:0;width:0\"><defs><linearGradient id=\"linear-gradient-6ac21fa\" x1=\"0\" x2=\"100%\" y1=\"0\" y2=\"0\"><stop offset=\"0%\" style=\"stop-opacity:1;stop-color:var(--linear-gradient-6-ac-21-fa-color-1)\"><\/stop><stop offset=\"100%\" style=\"stop-opacity:1;stop-color:var(--linear-gradient-6-ac-21-fa-color-2)\"><\/stop><\/linearGradient><\/defs><\/svg><svg data-prefix=\"fas\" data-icon=\"chevron-down\" class=\"svg-inline--fa fa-chevron-down fa-w-14\" xmlns=\"http:\/\/www.w3.org\/2000\/svg\" viewBox=\"0 0 448 512\" aria-hidden=\"true\" width=\"32\" height=\"32\"><path fill=\"currentColor\" d=\"M207.029 381.476L12.686 187.132c-9.373-9.373-9.373-24.569 0-33.941l22.667-22.667c9.357-9.357 24.522-9.375 33.901-.04L224 284.505l154.745-154.021c9.379-9.335 24.544-9.317 33.901.04l22.667 22.667c9.373 9.373 9.373 24.569 0 33.941L240.971 381.476c-9.373 9.372-24.569 9.372-33.942 0z\"><\/path><\/svg><\/div><\/span><\/div>\n\n\n\n<div class=\"wp-block-stackable-heading stk-block-heading stk-block-heading--v2 stk-block stk-5d21387\" id=\"wykaz-dokumentow-potrzebnych-do-i-komunii-sw\" data-block-id=\"5d21387\"><h6 class=\"stk-block-heading__text\">Wykaz dokument\u00f3w potrzebnych do I Komunii \u015bw.<\/h6><\/div>\n<\/div><\/div>\n<\/div><\/div><\/summary>\n\n\n\n<div class=\"wp-block-stackable-column stk-block-column stk-column stk-block stk-c7a1b08 stk-block-accordion__content\" data-v=\"4\" data-block-id=\"c7a1b08\"><div class=\"stk-column-wrapper stk-block-column__content stk-container stk-c7a1b08-container stk--no-background stk--no-padding\"><div class=\"stk-block-content stk-inner-blocks stk-c7a1b08-inner-blocks\">\n<ul class=\"wp-block-list\">\n<li>metryka chrztu dziecka<\/li>\n\n\n\n<li>zgoda z parafii (w przypadku, gdy mieszka poza terenem parafii)<\/li>\n<\/ul>\n<\/div><\/div><\/div>\n<\/details>\n\n\n\n<h2 class=\"wp-block-heading\">Bierzmowanie<\/h2>\n\n\n\n<p>Plan przygotowa\u0144 do bierzmowania podczas niedzielnych og\u0142osze\u0144 parafialnych. Szczeg\u00f3\u0142owe informacje u kap\u0142an\u00f3w.<\/p>\n\n\n\n<details class=\"wp-block-stackable-accordion stk-block-accordion stk-inner-blocks stk-block-content stk-block stk-0c79aaf is-style-default\" data-block-id=\"0c79aaf\">\n<summary class=\"wp-block-stackable-column stk-block-column stk-column stk-block stk-d692bf6 stk--container-small stk-block-accordion__heading\" data-v=\"4\" data-block-id=\"d692bf6\"><div class=\"stk-column-wrapper stk-block-column__content stk-container stk-d692bf6-container stk-hover-parent\"><div class=\"stk-block-content stk-inner-blocks stk-d692bf6-inner-blocks\">\n<div class=\"wp-block-stackable-icon-label stk-block-icon-label stk-block stk-829729e\" data-block-id=\"829729e\"><div class=\"stk-row stk-inner-blocks stk-block-content\">\n<div class=\"wp-block-stackable-icon stk-block-icon stk-block stk-3b52094\" data-block-id=\"3b52094\"><span class=\"stk--svg-wrapper\"><div class=\"stk--inner-svg\"><svg style=\"height:0;width:0\"><defs><linearGradient id=\"linear-gradient-3b52094\" x1=\"0\" x2=\"100%\" y1=\"0\" y2=\"0\"><stop offset=\"0%\" style=\"stop-opacity:1;stop-color:var(--linear-gradient-3-b-52094-color-1)\"><\/stop><stop offset=\"100%\" style=\"stop-opacity:1;stop-color:var(--linear-gradient-3-b-52094-color-2)\"><\/stop><\/linearGradient><\/defs><\/svg><svg data-prefix=\"fas\" data-icon=\"chevron-down\" class=\"svg-inline--fa fa-chevron-down fa-w-14\" xmlns=\"http:\/\/www.w3.org\/2000\/svg\" viewBox=\"0 0 448 512\" aria-hidden=\"true\" width=\"32\" height=\"32\"><path fill=\"currentColor\" d=\"M207.029 381.476L12.686 187.132c-9.373-9.373-9.373-24.569 0-33.941l22.667-22.667c9.357-9.357 24.522-9.375 33.901-.04L224 284.505l154.745-154.021c9.379-9.335 24.544-9.317 33.901.04l22.667 22.667c9.373 9.373 9.373 24.569 0 33.941L240.971 381.476c-9.373 9.372-24.569 9.372-33.942 0z\"><\/path><\/svg><\/div><\/span><\/div>\n\n\n\n<div class=\"wp-block-stackable-heading stk-block-heading stk-block-heading--v2 stk-block stk-97df9a7\" id=\"wykaz-dokumentow-potrzebnych-do-bierzmowania\" data-block-id=\"97df9a7\"><h6 class=\"stk-block-heading__text\">Wykaz dokument\u00f3w potrzebnych do bierzmowania<\/h6><\/div>\n<\/div><\/div>\n<\/div><\/div><\/summary>\n\n\n\n<div class=\"wp-block-stackable-column stk-block-column stk-column stk-block stk-bfe6908 stk-block-accordion__content\" data-v=\"4\" data-block-id=\"bfe6908\"><div class=\"stk-column-wrapper stk-block-column__content stk-container stk-bfe6908-container stk--no-background stk--no-padding\"><div class=\"stk-block-content stk-inner-blocks stk-bfe6908-inner-blocks\">\n<ul class=\"wp-block-list\">\n<li>metryka chrztu<\/li>\n\n\n\n<li>za\u015bwiadczenie o&nbsp;uczestnictwie w&nbsp;katechezie szkolnej lub ostatnie \u015bwiadectwo katechizacji<\/li>\n\n\n\n<li>w&nbsp;przypadku os\u00f3b starszych \u2013 \u015bwiadectwo uko\u0144czenia katechizacji szkolnej<\/li>\n\n\n\n<li>zgoda z parafii (w przypadku, gdy mieszka poza terenem parafii)<\/li>\n<\/ul>\n<\/div><\/div><\/div>\n<\/details>\n\n\n\n<h2 class=\"wp-block-heading\">Pokuta i pojednanie<\/h2>\n\n\n\n<p>Spowied\u017a \u015bw. 15 minut przed Msz\u0105 \u015bw. lub po osobistym kontakcie z kap\u0142anami. W trakcie Mszy \u015bw. spowied\u017a w Kaplicy Adoracji.<\/p>\n\n\n\n<h2 class=\"wp-block-heading\">Kap\u0142a\u0144stwo<\/h2>\n\n\n\n<p>Duszpasterstwa Powo\u0142a\u0144 Diecezji Kaliskiej<br><a rel=\"noreferrer noopener\" href=\"https:\/\/www.powolaniakalisz.pl\/\" target=\"_blank\">www.powolaniakalisz.pl<\/a><\/p>\n\n\n\n<details class=\"wp-block-stackable-accordion stk-block-accordion stk-inner-blocks stk-block-content stk-block stk-df72688 is-style-default\" data-block-id=\"df72688\">\n<summary class=\"wp-block-stackable-column stk-block-column stk-column stk-block stk-a82977f stk--container-small stk-block-accordion__heading\" data-v=\"4\" data-block-id=\"a82977f\"><div class=\"stk-column-wrapper stk-block-column__content stk-container stk-a82977f-container stk-hover-parent\"><div class=\"stk-block-content stk-inner-blocks stk-a82977f-inner-blocks\">\n<div class=\"wp-block-stackable-icon-label stk-block-icon-label stk-block stk-ad1bf11\" data-block-id=\"ad1bf11\"><div class=\"stk-row stk-inner-blocks stk-block-content\">\n<div class=\"wp-block-stackable-icon stk-block-icon stk-block stk-ff1185f\" data-block-id=\"ff1185f\"><span class=\"stk--svg-wrapper\"><div class=\"stk--inner-svg\"><svg style=\"height:0;width:0\"><defs><linearGradient id=\"linear-gradient-ff1185f\" x1=\"0\" x2=\"100%\" y1=\"0\" y2=\"0\"><stop offset=\"0%\" style=\"stop-opacity:1;stop-color:var(--linear-gradient-ff-1185-f-color-1)\"><\/stop><stop offset=\"100%\" style=\"stop-opacity:1;stop-color:var(--linear-gradient-ff-1185-f-color-2)\"><\/stop><\/linearGradient><\/defs><\/svg><svg data-prefix=\"fas\" data-icon=\"chevron-down\" class=\"svg-inline--fa fa-chevron-down fa-w-14\" xmlns=\"http:\/\/www.w3.org\/2000\/svg\" viewBox=\"0 0 448 512\" aria-hidden=\"true\" width=\"32\" height=\"32\"><path fill=\"currentColor\" d=\"M207.029 381.476L12.686 187.132c-9.373-9.373-9.373-24.569 0-33.941l22.667-22.667c9.357-9.357 24.522-9.375 33.901-.04L224 284.505l154.745-154.021c9.379-9.335 24.544-9.317 33.901.04l22.667 22.667c9.373 9.373 9.373 24.569 0 33.941L240.971 381.476c-9.373 9.372-24.569 9.372-33.942 0z\"><\/path><\/svg><\/div><\/span><\/div>\n\n\n\n<div class=\"wp-block-stackable-heading stk-block-heading stk-block-heading--v2 stk-block stk-ea15dda\" id=\"wykaz-dokumentow-potrzebnych-do-przyjecia-w-seminarium-duchownym\" data-block-id=\"ea15dda\"><h6 class=\"stk-block-heading__text\">Wykaz dokument\u00f3w potrzebnych do przyj\u0119cia w Seminarium Duchownym<\/h6><\/div>\n<\/div><\/div>\n<\/div><\/div><\/summary>\n\n\n\n<div class=\"wp-block-stackable-column stk-block-column stk-column stk-block stk-5f5a00a stk-block-accordion__content\" data-v=\"4\" data-block-id=\"5f5a00a\"><div class=\"stk-column-wrapper stk-block-column__content stk-container stk-5f5a00a-container stk--no-background stk--no-padding\"><div class=\"stk-block-content stk-inner-blocks stk-5f5a00a-inner-blocks\">\n<p><strong>Czujesz, \u017ce Pan Ci\u0119 powo\u0142uje, ale co dalej?<\/strong><\/p>\n\n\n\n<ul class=\"wp-block-list\">\n<li>w\u0142asnor\u0119cznie napisany \u017cyciorys i pro\u015bba o przyj\u0119cie do Seminarium skierowana do Ksi\u0119dza Biskupa<\/li>\n\n\n\n<li>opinia ks. Proboszcza i Katechety<\/li>\n\n\n\n<li>metryka chrztu z wpisem o przyj\u0119ciu sakramentu bierzmowania<\/li>\n\n\n\n<li>\u015bwiadectwo uko\u0144czenia szko\u0142y \u015bredniej i \u015bwiadectwo maturalne<\/li>\n\n\n\n<li>zdj\u0119cie o wymiarach 37\u00d752 mm wykonane na jasnym tle<\/li>\n\n\n\n<li>za\u015bwiadczenie o niekaralno\u015bci z S\u0105du Okr\u0119gowego<\/li>\n<\/ul>\n\n\n\n<p><a href=\"https:\/\/www.powolaniakalisz.pl\/\" target=\"_blank\" rel=\"noreferrer noopener\">Wi\u0119cej informacji na stronie Duszpasterstwo Powo\u0142a\u0144 Diecezji Kaliskiej<\/a><\/p>\n<\/div><\/div><\/div>\n<\/details>\n\n\n\n<h2 class=\"wp-block-heading\">Ma\u0142\u017ce\u0144stwo<\/h2>\n\n\n\n<p>Duszpasterskie rozmowy z narzeczonymi po um\u00f3wieniu si\u0119 &#8211; kontakt z ks. \u0141ukaszem.<br>Rejonowa Poradnia Rodzinna znajduje si\u0119 przy parafii pw. Naj\u015bwi\u0119tszego Zbawiciela w Pleszewie &#8211; zapisy i szczeg\u00f3\u0142y na stronie <a rel=\"noreferrer noopener\" href=\"https:\/\/drdk.pl\/\" data-type=\"link\" data-id=\"https:\/\/drdk.pl\/\" target=\"_blank\">drdk.pl<\/a>.<br>Katechezy przed\u015blubne odbywaj\u0105 si\u0119 r\u00f3wnie\u017c w naszej parafii. Terminy, pytania i zapisy poprzez stron\u0119 <a rel=\"noreferrer noopener\" href=\"https:\/\/drdk.pl\/\" data-type=\"link\" data-id=\"https:\/\/drdk.pl\/\" target=\"_blank\">drdk.pl<\/a>.<\/p>\n\n\n\n<details class=\"wp-block-stackable-accordion stk-block-accordion stk-inner-blocks stk-block-content stk-block stk-62c0a85 is-style-default\" data-block-id=\"62c0a85\">\n<summary class=\"wp-block-stackable-column stk-block-column stk-column stk-block stk-a7a9096 stk--container-small stk-block-accordion__heading\" data-v=\"4\" data-block-id=\"a7a9096\"><div class=\"stk-column-wrapper stk-block-column__content stk-container stk-a7a9096-container stk-hover-parent\"><div class=\"stk-block-content stk-inner-blocks stk-a7a9096-inner-blocks\">\n<div class=\"wp-block-stackable-icon-label stk-block-icon-label stk-block stk-5a6616b\" data-block-id=\"5a6616b\"><div class=\"stk-row stk-inner-blocks stk-block-content\">\n<div class=\"wp-block-stackable-icon stk-block-icon stk-block stk-ad7c78a\" data-block-id=\"ad7c78a\"><span class=\"stk--svg-wrapper\"><div class=\"stk--inner-svg\"><svg style=\"height:0;width:0\"><defs><linearGradient id=\"linear-gradient-ad7c78a\" x1=\"0\" x2=\"100%\" y1=\"0\" y2=\"0\"><stop offset=\"0%\" style=\"stop-opacity:1;stop-color:var(--linear-gradient-ad-7-c-78-a-color-1)\"><\/stop><stop offset=\"100%\" style=\"stop-opacity:1;stop-color:var(--linear-gradient-ad-7-c-78-a-color-2)\"><\/stop><\/linearGradient><\/defs><\/svg><svg data-prefix=\"fas\" data-icon=\"chevron-down\" class=\"svg-inline--fa fa-chevron-down fa-w-14\" xmlns=\"http:\/\/www.w3.org\/2000\/svg\" viewBox=\"0 0 448 512\" aria-hidden=\"true\" width=\"32\" height=\"32\"><path fill=\"currentColor\" d=\"M207.029 381.476L12.686 187.132c-9.373-9.373-9.373-24.569 0-33.941l22.667-22.667c9.357-9.357 24.522-9.375 33.901-.04L224 284.505l154.745-154.021c9.379-9.335 24.544-9.317 33.901.04l22.667 22.667c9.373 9.373 9.373 24.569 0 33.941L240.971 381.476c-9.373 9.372-24.569 9.372-33.942 0z\"><\/path><\/svg><\/div><\/span><\/div>\n\n\n\n<div class=\"wp-block-stackable-heading stk-block-heading stk-block-heading--v2 stk-block stk-5ebe388\" id=\"wykaz-dokumentow-potrzebnych-do-zawarcia-zwiazku-malzenskiego\" data-block-id=\"5ebe388\"><h6 class=\"stk-block-heading__text\">Wykaz dokument\u00f3w potrzebnych do zawarcia zwi\u0105zku ma\u0142\u017ce\u0144skiego<\/h6><\/div>\n<\/div><\/div>\n<\/div><\/div><\/summary>\n\n\n\n<div class=\"wp-block-stackable-column stk-block-column stk-column stk-block stk-ccd2a39 stk-block-accordion__content\" data-v=\"4\" data-block-id=\"ccd2a39\"><div class=\"stk-column-wrapper stk-block-column__content stk-container stk-ccd2a39-container stk--no-background stk--no-padding\"><div class=\"stk-block-content stk-inner-blocks stk-ccd2a39-inner-blocks\">\n<p>Dokumenty, kt\u00f3re nale\u017cy przygotowa\u0107 na rozmowy duszpasterskie*:<\/p>\n\n\n\n<ul class=\"wp-block-list\">\n<li>metryka chrztu* z wpisem o udzielonym sakramencie bierzmowania (aktualna; 6 miesi\u0119cy wa\u017cno\u015bci),<\/li>\n\n\n\n<li>dow\u00f3d osobisty,<\/li>\n\n\n\n<li>ostatnie \u015bwiadectwo z religii,<\/li>\n\n\n\n<li>za\u015bwiadczenie o uczestnictwie w katechezie przedma\u0142\u017ce\u0144skiej (nauki przedma\u0142\u017ce\u0144skie**),<\/li>\n\n\n\n<li>poradnictwo \u017cycia rodzinnego**,<\/li>\n\n\n\n<li>za\u015bwiadczenie z Urz\u0119du Stanu Cywilnego (niezb\u0119dne gdy ma\u0142\u017conkowie chc\u0105, aby \u015blub ko\u015bcielny poci\u0105ga\u0142 za sob\u0105 skutki cywilno-prawne \u2013 tzw. \u015blub konkordatowy) lub akt \u015blubu, je\u015bli wcze\u015bniej zawarto zwi\u0105zek cywilny,<\/li>\n\n\n\n<li>zgoda z parafii (w przypadku, gdy narzeczony i narzeczona nie mieszkaj\u0105 na terenie parafii).<\/li>\n<\/ul>\n\n\n\n<p class=\"has-small-font-size\">* \u2013 metryk\u0119 nale\u017cy odebra\u0107 w&nbsp;parafii, gdzie zosta\u0142 udzielony sakrament chrztu, a&nbsp;nie&nbsp;w&nbsp;parafii zamieszkania.<br>** \u2013 Poradnia Rodzinna i katechezy przedma\u0142\u017ce\u0144skie organizuje w ca\u0142ej diecezji kaliskiej Duszpasterstwo Rodzin Diecezji Kaliskiej. <a rel=\"noreferrer noopener\" href=\"https:\/\/drdk.pl\/\" target=\"_blank\">Szczeg\u00f3\u0142y, zapisy i wszelkie informacje&nbsp;na stronie Duszpasterstwa Rodzin Diecezji Kaliskiej www.drdk.pl<\/a>.<\/p>\n<\/div><\/div><\/div>\n<\/details>\n\n\n\n<h2 class=\"wp-block-heading\">Namaszczenie chorych<\/h2>\n\n\n\n<ul class=\"wp-block-list\">\n<li>comiesi\u0119czne odwiedziny chorych w&nbsp;pierwszy pi\u0105tek miesi\u0105ca od&nbsp;godz.&nbsp;8.00 (zapisy w&nbsp;biurze parafialnym)<\/li>\n\n\n\n<li>kapelan szpitala ks.&nbsp;Micha\u0142 Korach tel.&nbsp;<strong>666 359 982<\/strong>.<\/li>\n<\/ul>\n\n\n\n<div style=\"height:100px\" aria-hidden=\"true\" class=\"wp-block-spacer\"><\/div>\n","protected":false},"excerpt":{"rendered":"<p>Sakramenty Chrzest \u015bw. Sakramentu chrztu \u015bw. udzielamy podczas Mszy \u015bw. Zapraszamy do biura parafialnego z dokumentami. Wykaz dokument\u00f3w potrzebnych do chrztu \u015bw. * Rodzicami chrzestnymi&nbsp;nie mog\u0105 by\u0107&nbsp;osoby \u017cyj\u0105ce w niesakramentalnym zwi\u0105zku ma\u0142\u017ce\u0144skim oraz te, kt\u00f3re chocia\u017c s\u0105 katolikami, notorycznie zaniedbuj\u0105 praktyki religijne i prowadz\u0105 \u017cycie naganne. Chrzestnymi&nbsp;mog\u0105 by\u0107&nbsp;praktykuj\u0105cy katolicy, bierzmowani, kt\u00f3rzy przyj\u0119li ju\u017c sakrament Eucharystii [&hellip;]<\/p>\n","protected":false},"author":2,"featured_media":0,"parent":0,"menu_order":0,"comment_status":"closed","ping_status":"closed","template":"","meta":{"footnotes":""},"class_list":["post-1257","page","type-page","status-publish","hentry"],"blocksy_meta":{"vertical_spacing_source":"custom","content_area_spacing":"none","has_hero_section":"disabled"},"_links":{"self":[{"href":"https:\/\/farapleszew.pl\/index.php?rest_route=\/wp\/v2\/pages\/1257","targetHints":{"allow":["GET"]}}],"collection":[{"href":"https:\/\/farapleszew.pl\/index.php?rest_route=\/wp\/v2\/pages"}],"about":[{"href":"https:\/\/farapleszew.pl\/index.php?rest_route=\/wp\/v2\/types\/page"}],"author":[{"embeddable":true,"href":"https:\/\/farapleszew.pl\/index.php?rest_route=\/wp\/v2\/users\/2"}],"replies":[{"embeddable":true,"href":"https:\/\/farapleszew.pl\/index.php?rest_route=%2Fwp%2Fv2%2Fcomments&post=1257"}],"version-history":[{"count":3,"href":"https:\/\/farapleszew.pl\/index.php?rest_route=\/wp\/v2\/pages\/1257\/revisions"}],"predecessor-version":[{"id":1772,"href":"https:\/\/farapleszew.pl\/index.php?rest_route=\/wp\/v2\/pages\/1257\/revisions\/1772"}],"wp:attachment":[{"href":"https:\/\/farapleszew.pl\/index.php?rest_route=%2Fwp%2Fv2%2Fmedia&parent=1257"}],"curies":[{"name":"wp","href":"https:\/\/api.w.org\/{rel}","templated":true}]}}